{"id":163,"date":"2017-06-06T18:26:02","date_gmt":"2017-06-06T18:26:02","guid":{"rendered":"http:\/\/le-pre-des-sources.com\/wp\/?page_id=163"},"modified":"2025-07-27T19:05:43","modified_gmt":"2025-07-27T17:05:43","slug":"le-ski","status":"publish","type":"page","link":"https:\/\/le-pre-des-sources.com\/wp\/le-ski\/","title":{"rendered":"Le ski"},"content":{"rendered":"\n<h2 class=\"wp-block-heading\">Le ski en Chartreuse<\/h2>\n\n\n\n<p>se d\u00e9cline entre ski de descente, ski de fond et ski de randonn\u00e9e.<\/p>\n\n\n\n<h3 class=\"wp-block-heading\">Le ski de descente<\/h3>\n\n\n\n<p>Suite \u00e0 plusieurs ann\u00e9es sans un enneigement suffisant, la station de ski de Saint Pierre de Chartreuse est ferm\u00e9e.  Une association de b\u00e9n\u00e9voles a repris la gestion des t\u00e9l\u00e9ski du Planolet. D&rsquo;autres associations g\u00e8rent les remont\u00e9es m\u00e9caniques du D\u00e9sert d&rsquo;Entremont et \u00e0 la station du Granier.<\/p>\n\n\n\n<h3 class=\"wp-block-heading\">Le ski de fond<\/h3>\n\n\n\n<p>est le domaine de Saint Hugues en Chartreuse, du Sappey en Chartreuse de la Ruch\u00e8re et du D\u00e9sert d&rsquo;Entremont (<a href=\"http:\/\/www.ski-chartreuse.com\/index.php\">http:\/\/www.ski-chartreuse.com\/index.php<\/a> ).<\/p>\n\n\n\n<p>Vous trouverez toute les informations n\u00e9cessaires sur ces deux activit\u00e9s sur les sites dont les liens sont ci-dessus.<\/p>\n\n\n\n<h3 class=\"wp-block-heading\">Pour ce qui est du ski de randonn\u00e9e ou ski alpinisme,<\/h3>\n\n\n\n<p>la faible altitude de la plus-part des d\u00e9parts implique un portage du mat\u00e9riel, ou en cas d&rsquo;enneigement \u00e0 basse altitude la pratique d&rsquo;un ski assez acrobatique entre les arbres ou dans des chemins creux.<br>Dans ces conditions, le nombre de \u201ccourses\u201c vraiment int\u00e9ressantes est assez limit\u00e9.<\/p>\n\n\n\n<p><strong>Parmi ces derni\u00e8res on citera :<\/strong><\/p>\n\n\n\n<ul class=\"wp-block-list\">\n<li><strong>Chamechaude<\/strong> \u00e0 partir du col de Portes, peu de for\u00eat hors un passage dans les \u201cvernes\u201c au tiers inf\u00e9rieur.<\/li>\n\n\n\n<li><strong>Le Charmant Som<\/strong> par la route \u00e0 partir du col de Portes (d\u00e9butants).<\/li>\n\n\n\n<li><strong>Le Charmant Som<\/strong> depuis les Revols par le couloir de Maubouchet puis en contournant les dalles par la gauche (expos\u00e9 aux avalanches dans la premi\u00e8re moiti\u00e9).<\/li>\n\n\n\n<li><strong>Le col de Bellefond<\/strong> depuis Perquelin, et le col de la Saulce (tr\u00e8s avalancheux au del\u00e0 de la cabane de Bellefond).<\/li>\n\n\n\n<li><strong>Le col de la Saulce<\/strong> peut \u00eatre atteint depuis Saint Philibert par la route de Malissard. De ce dernier point, on peut \u00e9galement monter \u00e0 la Scia (pente finale tr\u00e8s raide).<\/li>\n\n\n\n<li><strong>La grande lance de Malissard<\/strong> peut \u00eatre atteinte par son versant Ouest au dessus du col de la Saulce. Le final emprunte un couloir \u00e9troit et raide \u00e0 franchir en crampons.<\/li>\n\n\n\n<li><\/li>\n<\/ul>\n\n\n\n<figure class=\"wp-block-image alignnone size-medium\"><img decoding=\"async\" src=\"https:\/\/images-des-alpes.fr\/Passion_montagne\/_data\/i\/upload\/2016\/06\/19\/20160619182017-7b0f6ff9-me.jpg\" alt=\"ski de randonn\u00e9e en Chartreuse\"\/><figcaption class=\"wp-element-caption\">A la Grande Lance de Malissard<\/figcaption><\/figure>\n\n\n\n<li><strong>Le Grand Som<\/strong> peut \u00eatre atteint soit \u00e0 partir du couvent, soit \u00e0 partir du Ch\u00e2teau (St Pierre d&rsquo;Entremont), soir ce qui est la meilleurs solution depuis La Ruch\u00e8re en passant par le col de Leschaud. Les trois itin\u00e9raires se rejoignent au Col de Bovinant. Au del\u00e0 les pentes sont tr\u00e8s raides et expos\u00e9es aux plaques \u00e0 vent.<\/li>\n\n\n\n<li>Toujours du couvent, on peut aller au <strong>Petit Som<\/strong> par les pentes Sud du col du col de L\u00e9chaud.<br>On peut monter sur<strong> les Hauts Plateaux<\/strong> \u00e0 partir des Varvats (au dessus du cirque de Saint M\u00eame) en direction soit du col et de la croix de l&rsquo;Alpe, soit du Grand Manti en passant par le habert de de la Dame, mais il faudra porter assez longuement en for\u00eat avant de d\u00e9boucher dans les alpages.<\/li>\n\n\n\n<li><strong>La croix de l&rsquo;Alpe<\/strong> peut \u00eatre \u00e9galement atteinte depuis La Plagne (Entremont le Vieux), tr\u00e8s beau, mais portage obligatoire jusqu&rsquo;au col de l&rsquo;Alpette.<\/li>\n\n\n\n<p><strong>Pour tout le reste, les raquettes sont de loin plus appropri\u00e9es.<\/strong><\/p>\n\n\n\n<p><\/p>\n ","protected":false},"excerpt":{"rendered":"<p>Le ski en Chartreuse se d\u00e9cline entre ski de descente, ski de fond et ski de randonn\u00e9e. Le ski de descente Suite \u00e0 plusieurs ann\u00e9es sans un enneigement suffisant, la station de ski de Saint Pierre de Chartreuse est ferm\u00e9e. Une association de b\u00e9n\u00e9voles a repris la gestion des t\u00e9l\u00e9ski du Planolet. D&rsquo;autres associations g\u00e8rent&hellip; <a class=\"more-link\" href=\"https:\/\/le-pre-des-sources.com\/wp\/le-ski\/\">Poursuivre la lecture <span class=\"screen-reader-text\">Le ski<\/span><\/a><\/p>\n","protected":false},"author":2,"featured_media":0,"parent":0,"menu_order":0,"comment_status":"closed","ping_status":"closed","template":"","meta":{"footnotes":""},"class_list":["post-163","page","type-page","status-publish","hentry","entry"],"yoast_head":"<!-- This site is optimized with the Yoast SEO plugin v27.5 - https:\/\/yoast.com\/product\/yoast-seo-wordpress\/ -->\n<title>Le ski - a partir des G\u00eetes du Pr\u00e9 des Sources<\/title>\n<meta name=\"description\" content=\"Pratiquer le ski de randonn\u00e9e en Chartreuse \u00e0 partir des g\u00eetes du Pr\u00e9-des-Sources.\" \/>\n<meta name=\"robots\" content=\"index, follow, max-snippet:-1, max-image-preview:large, max-video-preview:-1\" \/>\n<link rel=\"canonical\" href=\"https:\/\/le-pre-des-sources.com\/wp\/le-ski\/\" \/>\n<meta property=\"og:locale\" content=\"fr_FR\" \/>\n<meta property=\"og:type\" content=\"article\" \/>\n<meta property=\"og:title\" content=\"Le ski - a partir des G\u00eetes du Pr\u00e9 des Sources\" \/>\n<meta property=\"og:description\" content=\"Pratiquer le ski de randonn\u00e9e en Chartreuse \u00e0 partir des g\u00eetes du Pr\u00e9-des-Sources.\" \/>\n<meta property=\"og:url\" content=\"https:\/\/le-pre-des-sources.com\/wp\/le-ski\/\" \/>\n<meta property=\"og:site_name\" content=\"Les g\u00eetes du Pr\u00e9 des sources\" \/>\n<meta property=\"article:modified_time\" content=\"2025-07-27T17:05:43+00:00\" \/>\n<meta property=\"og:image\" content=\"https:\/\/images-des-alpes.fr\/Passion_montagne\/_data\/i\/upload\/2016\/06\/19\/20160619182017-7b0f6ff9-me.jpg\" \/>\n<meta name=\"twitter:card\" content=\"summary_large_image\" \/>\n<meta name=\"twitter:label1\" content=\"Dur\u00e9e de lecture estim\u00e9e\" \/>\n\t<meta name=\"twitter:data1\" content=\"3 minutes\" \/>\n<script type=\"application\/ld+json\" class=\"yoast-schema-graph\">{\"@context\":\"https:\\\/\\\/schema.org\",\"@graph\":[{\"@type\":\"WebPage\",\"@id\":\"https:\\\/\\\/le-pre-des-sources.com\\\/wp\\\/le-ski\\\/\",\"url\":\"https:\\\/\\\/le-pre-des-sources.com\\\/wp\\\/le-ski\\\/\",\"name\":\"Le ski - a partir des G\u00eetes du Pr\u00e9 des Sources\",\"isPartOf\":{\"@id\":\"http:\\\/\\\/le-pre-des-sources.com\\\/wp\\\/#website\"},\"primaryImageOfPage\":{\"@id\":\"https:\\\/\\\/le-pre-des-sources.com\\\/wp\\\/le-ski\\\/#primaryimage\"},\"image\":{\"@id\":\"https:\\\/\\\/le-pre-des-sources.com\\\/wp\\\/le-ski\\\/#primaryimage\"},\"thumbnailUrl\":\"https:\\\/\\\/images-des-alpes.fr\\\/Passion_montagne\\\/_data\\\/i\\\/upload\\\/2016\\\/06\\\/19\\\/20160619182017-7b0f6ff9-me.jpg\",\"datePublished\":\"2017-06-06T18:26:02+00:00\",\"dateModified\":\"2025-07-27T17:05:43+00:00\",\"description\":\"Pratiquer le ski de randonn\u00e9e en Chartreuse \u00e0 partir des g\u00eetes du Pr\u00e9-des-Sources.\",\"breadcrumb\":{\"@id\":\"https:\\\/\\\/le-pre-des-sources.com\\\/wp\\\/le-ski\\\/#breadcrumb\"},\"inLanguage\":\"fr-FR\",\"potentialAction\":[{\"@type\":\"ReadAction\",\"target\":[\"https:\\\/\\\/le-pre-des-sources.com\\\/wp\\\/le-ski\\\/\"]}]},{\"@type\":\"ImageObject\",\"inLanguage\":\"fr-FR\",\"@id\":\"https:\\\/\\\/le-pre-des-sources.com\\\/wp\\\/le-ski\\\/#primaryimage\",\"url\":\"https:\\\/\\\/images-des-alpes.fr\\\/Passion_montagne\\\/_data\\\/i\\\/upload\\\/2016\\\/06\\\/19\\\/20160619182017-7b0f6ff9-me.jpg\",\"contentUrl\":\"https:\\\/\\\/images-des-alpes.fr\\\/Passion_montagne\\\/_data\\\/i\\\/upload\\\/2016\\\/06\\\/19\\\/20160619182017-7b0f6ff9-me.jpg\"},{\"@type\":\"BreadcrumbList\",\"@id\":\"https:\\\/\\\/le-pre-des-sources.com\\\/wp\\\/le-ski\\\/#breadcrumb\",\"itemListElement\":[{\"@type\":\"ListItem\",\"position\":1,\"name\":\"Accueil\",\"item\":\"http:\\\/\\\/le-pre-des-sources.com\\\/wp\\\/\"},{\"@type\":\"ListItem\",\"position\":2,\"name\":\"Le ski\"}]},{\"@type\":\"WebSite\",\"@id\":\"http:\\\/\\\/le-pre-des-sources.com\\\/wp\\\/#website\",\"url\":\"http:\\\/\\\/le-pre-des-sources.com\\\/wp\\\/\",\"name\":\"Les g\u00eetes du Pr\u00e9 des Sources\",\"description\":\"Site des g\u00eetes du Pr\u00e9 des sources.\",\"potentialAction\":[{\"@type\":\"SearchAction\",\"target\":{\"@type\":\"EntryPoint\",\"urlTemplate\":\"http:\\\/\\\/le-pre-des-sources.com\\\/wp\\\/?s={search_term_string}\"},\"query-input\":{\"@type\":\"PropertyValueSpecification\",\"valueRequired\":true,\"valueName\":\"search_term_string\"}}],\"inLanguage\":\"fr-FR\"}]}<\/script>\n<!-- \/ Yoast SEO plugin. -->","yoast_head_json":{"title":"Le ski - a partir des G\u00eetes du Pr\u00e9 des Sources","description":"Pratiquer le ski de randonn\u00e9e en Chartreuse \u00e0 partir des g\u00eetes du Pr\u00e9-des-Sources.","robots":{"index":"index","follow":"follow","max-snippet":"max-snippet:-1","max-image-preview":"max-image-preview:large","max-video-preview":"max-video-preview:-1"},"canonical":"https:\/\/le-pre-des-sources.com\/wp\/le-ski\/","og_locale":"fr_FR","og_type":"article","og_title":"Le ski - a partir des G\u00eetes du Pr\u00e9 des Sources","og_description":"Pratiquer le ski de randonn\u00e9e en Chartreuse \u00e0 partir des g\u00eetes du Pr\u00e9-des-Sources.","og_url":"https:\/\/le-pre-des-sources.com\/wp\/le-ski\/","og_site_name":"Les g\u00eetes du Pr\u00e9 des sources","article_modified_time":"2025-07-27T17:05:43+00:00","og_image":[{"url":"https:\/\/images-des-alpes.fr\/Passion_montagne\/_data\/i\/upload\/2016\/06\/19\/20160619182017-7b0f6ff9-me.jpg","type":"","width":"","height":""}],"twitter_card":"summary_large_image","twitter_misc":{"Dur\u00e9e de lecture estim\u00e9e":"3 minutes"},"schema":{"@context":"https:\/\/schema.org","@graph":[{"@type":"WebPage","@id":"https:\/\/le-pre-des-sources.com\/wp\/le-ski\/","url":"https:\/\/le-pre-des-sources.com\/wp\/le-ski\/","name":"Le ski - a partir des G\u00eetes du Pr\u00e9 des Sources","isPartOf":{"@id":"http:\/\/le-pre-des-sources.com\/wp\/#website"},"primaryImageOfPage":{"@id":"https:\/\/le-pre-des-sources.com\/wp\/le-ski\/#primaryimage"},"image":{"@id":"https:\/\/le-pre-des-sources.com\/wp\/le-ski\/#primaryimage"},"thumbnailUrl":"https:\/\/images-des-alpes.fr\/Passion_montagne\/_data\/i\/upload\/2016\/06\/19\/20160619182017-7b0f6ff9-me.jpg","datePublished":"2017-06-06T18:26:02+00:00","dateModified":"2025-07-27T17:05:43+00:00","description":"Pratiquer le ski de randonn\u00e9e en Chartreuse \u00e0 partir des g\u00eetes du Pr\u00e9-des-Sources.","breadcrumb":{"@id":"https:\/\/le-pre-des-sources.com\/wp\/le-ski\/#breadcrumb"},"inLanguage":"fr-FR","potentialAction":[{"@type":"ReadAction","target":["https:\/\/le-pre-des-sources.com\/wp\/le-ski\/"]}]},{"@type":"ImageObject","inLanguage":"fr-FR","@id":"https:\/\/le-pre-des-sources.com\/wp\/le-ski\/#primaryimage","url":"https:\/\/images-des-alpes.fr\/Passion_montagne\/_data\/i\/upload\/2016\/06\/19\/20160619182017-7b0f6ff9-me.jpg","contentUrl":"https:\/\/images-des-alpes.fr\/Passion_montagne\/_data\/i\/upload\/2016\/06\/19\/20160619182017-7b0f6ff9-me.jpg"},{"@type":"BreadcrumbList","@id":"https:\/\/le-pre-des-sources.com\/wp\/le-ski\/#breadcrumb","itemListElement":[{"@type":"ListItem","position":1,"name":"Accueil","item":"http:\/\/le-pre-des-sources.com\/wp\/"},{"@type":"ListItem","position":2,"name":"Le ski"}]},{"@type":"WebSite","@id":"http:\/\/le-pre-des-sources.com\/wp\/#website","url":"http:\/\/le-pre-des-sources.com\/wp\/","name":"Les g\u00eetes du Pr\u00e9 des Sources","description":"Site des g\u00eetes du Pr\u00e9 des sources.","potentialAction":[{"@type":"SearchAction","target":{"@type":"EntryPoint","urlTemplate":"http:\/\/le-pre-des-sources.com\/wp\/?s={search_term_string}"},"query-input":{"@type":"PropertyValueSpecification","valueRequired":true,"valueName":"search_term_string"}}],"inLanguage":"fr-FR"}]}},"_links":{"self":[{"href":"https:\/\/le-pre-des-sources.com\/wp\/wp-json\/wp\/v2\/pages\/163","targetHints":{"allow":["GET"]}}],"collection":[{"href":"https:\/\/le-pre-des-sources.com\/wp\/wp-json\/wp\/v2\/pages"}],"about":[{"href":"https:\/\/le-pre-des-sources.com\/wp\/wp-json\/wp\/v2\/types\/page"}],"author":[{"embeddable":true,"href":"https:\/\/le-pre-des-sources.com\/wp\/wp-json\/wp\/v2\/users\/2"}],"replies":[{"embeddable":true,"href":"https:\/\/le-pre-des-sources.com\/wp\/wp-json\/wp\/v2\/comments?post=163"}],"version-history":[{"count":9,"href":"https:\/\/le-pre-des-sources.com\/wp\/wp-json\/wp\/v2\/pages\/163\/revisions"}],"predecessor-version":[{"id":588,"href":"https:\/\/le-pre-des-sources.com\/wp\/wp-json\/wp\/v2\/pages\/163\/revisions\/588"}],"wp:attachment":[{"href":"https:\/\/le-pre-des-sources.com\/wp\/wp-json\/wp\/v2\/media?parent=163"}],"curies":[{"name":"wp","href":"https:\/\/api.w.org\/{rel}","templated":true}]}}